{"id":48845,"date":"2025-05-12T10:20:39","date_gmt":"2025-05-12T08:20:39","guid":{"rendered":"https:\/\/jupp-immo.de\/diensten-van-makelaars-in-onroerend-goed\/"},"modified":"2025-09-01T16:02:00","modified_gmt":"2025-09-01T14:02:00","slug":"diensten-van-makelaars-in-onroerend-goed","status":"publish","type":"page","link":"https:\/\/jupp-immo.de\/nl\/diensten-van-makelaars-in-onroerend-goed\/","title":{"rendered":"Diensten van makelaars in onroerend goed"},"content":{"rendered":"<p>[et_pb_section fb_built=&#8221;1&#8243; admin_label=&#8221;Sektion .header-sektion&#8221; module_class=&#8221;header-sektion&#8221; _builder_version=&#8221;4.27.4&#8243; _module_preset=&#8221;default&#8221; use_background_color_gradient=&#8221;on&#8221; background_color_gradient_stops=&#8221;rgba(22,27,40,0.8) 50%|#ffffff 50%&#8221; background_color_gradient_overlays_image=&#8221;on&#8221; background_image=&#8221;http:\/\/jupp-immo.de\/wp-content\/uploads\/2025\/04\/AdobeStock_54124297.webp&#8221; parallax=&#8221;on&#8221; locked=&#8221;off&#8221; global_colors_info=&#8221;{}&#8221;][et_pb_row _builder_version=&#8221;4.27.4&#8243; _module_preset=&#8221;default&#8221; custom_margin=&#8221;0px||0px||false|false&#8221; custom_padding=&#8221;0px||0px||false|false&#8221; global_colors_info=&#8221;{}&#8221;][et_pb_column type=&#8221;4_4&#8243; _builder_version=&#8221;4.27.4&#8243; _module_preset=&#8221;default&#8221; global_colors_info=&#8221;{}&#8221;][et_pb_image src=&#8221;http:\/\/jupp-immo.de\/wp-content\/uploads\/2025\/04\/teambild.webp&#8221; alt=&#8221;Jupp Immobilien Team&#8221; _builder_version=&#8221;4.27.4&#8243; _module_preset=&#8221;default&#8221; custom_margin=&#8221;-70px||50px||false|false&#8221; custom_margin_tablet=&#8221;0px||0px||false|false&#8221; custom_margin_phone=&#8221;0px||0px||false|false&#8221; custom_margin_last_edited=&#8221;on|tablet&#8221; global_colors_info=&#8221;{}&#8221;][\/et_pb_image][\/et_pb_column][\/et_pb_row][et_pb_row column_structure=&#8221;3_5,2_5&#8243; admin_label=&#8221;Zeile .header-zeile&#8221; module_class=&#8221;header-zeile&#8221; _builder_version=&#8221;4.27.4&#8243; _module_preset=&#8221;default&#8221; global_colors_info=&#8221;{}&#8221;][et_pb_column type=&#8221;3_5&#8243; module_class=&#8221;introopener&#8221; admin_label=&#8221;Spalte .introopener&#8221; _builder_version=&#8221;4.27.4&#8243; _module_preset=&#8221;default&#8221; global_colors_info=&#8221;{}&#8221;][et_pb_text admin_label=&#8221;Wir von Jupp Immobilien&#8221; _builder_version=&#8221;4.27.4&#8243; _module_preset=&#8221;default&#8221; background_layout=&#8221;dark&#8221; custom_margin=&#8221;||0px||false|false&#8221; global_colors_info=&#8221;{}&#8221;]<\/p>\n<h1><strong>Wij bij Jupp Immobilien<\/strong><br \/>Bij Jupp Immobilien is uw zoektocht naar en biedingen voor uw woning in de Eifel in goede handen.<\/h1>\n<p>[\/et_pb_text][et_pb_text _builder_version=&#8221;4.27.4&#8243; _module_preset=&#8221;default&#8221; background_layout=&#8221;dark&#8221; global_colors_info=&#8221;{}&#8221;]<\/p>\n<p class=\"\" data-start=\"221\" data-end=\"365\"><strong data-start=\"221\" data-end=\"317\">Of u nu wilt verkopen, kopen of gewoon advies nodig hebt \u2013 wij staan \u200b\u200bvoor u klaar. <\/strong><strong data-start=\"320\" data-end=\"365\">Betrouwbaar, duidelijk en met hart en ziel.<\/strong><\/p>\n<p class=\"\" data-start=\"367\" data-end=\"650\">Als lid van de Duitse Vereniging van Onroerend Goed (IVD) en met DEKRA-gecertificeerde taxateurs staan \u200b\u200bwij voor u klaar en geven wij deskundig advies \u2013 van boerderijen tot boerderijen, van eengezinswoningen tot appartementen, van appartementencomplexen tot bouwgrond.<\/p>\n<p data-start=\"367\" data-end=\"650\">Plan nu een gratis en vrijblijvend adviesgesprek in \u2013 persoonlijk of gemakkelijk telefonisch.<\/p>\n<p data-start=\"367\" data-end=\"650\">[\/et_pb_text][\/et_pb_column][et_pb_column type=&#8221;2_5&#8243; module_class=&#8221;opener&#8221; admin_label=&#8221;Spalte .opener&#8221; _builder_version=&#8221;4.27.4&#8243; _module_preset=&#8221;default&#8221; global_colors_info=&#8221;{}&#8221;][et_pb_text module_class=&#8221;listenvariante&#8221; _builder_version=&#8221;4.27.4&#8243; _module_preset=&#8221;default&#8221; link_font=&#8221;||||on||||&#8221; link_font_size=&#8221;22px&#8221; background_layout=&#8221;dark&#8221; global_colors_info=&#8221;{}&#8221;]<\/p>\n<h2>Zoekt u een makelaar in de Eifel?<\/h2>\n<ul>\n<li><a href=\"https:\/\/jupp-immo.de\/nl\/woning-verkopen\/\">Wij helpen u bij de verkoop van uw woning<\/a><\/li>\n<li><a href=\"\/immobilien\/\">Ons vastgoedaanbod<\/a><\/li>\n<li><a href=\"https:\/\/jupp-immo.de\/nl\/taxaties-en-waardering\/\">Onze taxaties en rapporten<\/a><\/li>\n<\/ul>\n<p>[\/et_pb_text][et_pb_button button_url=&#8221;@ET-DC@eyJkeW5hbWljIjp0cnVlLCJjb250ZW50IjoicG9zdF9saW5rX3VybF9wYWdlIiwic2V0dGluZ3MiOnsicG9zdF9pZCI6IjcwOCIsImVuYWJsZV9odG1sIjoib2ZmIn19@&#8221; button_text=&#8221;Vraag het nu aan!&#8221; button_alignment=&#8221;center&#8221; admin_label=&#8221;Button Jetzt anfragen!&#8221; _builder_version=&#8221;4.27.4&#8243; _dynamic_attributes=&#8221;button_url&#8221; _module_preset=&#8221;default&#8221; custom_button=&#8221;on&#8221; button_icon=&#8221;&#xf086;||fa||900&#8243; button_on_hover=&#8221;off&#8221; global_module=&#8221;1888&#8243; saved_tabs=&#8221;all&#8221; locked=&#8221;off&#8221; global_colors_info=&#8221;{}&#8221;][\/et_pb_button][et_pb_text admin_label=&#8221;Telefon &amp; Mail Kontakt&#8221; module_class=&#8221;kontaktdaten-header&#8221; _builder_version=&#8221;4.27.4&#8243; _module_preset=&#8221;default&#8221; link_font=&#8221;|600|||||||&#8221; link_font_size=&#8221;22px&#8221; text_orientation=&#8221;center&#8221; background_layout=&#8221;dark&#8221; global_module=&#8221;2679&#8243; global_colors_info=&#8221;{}&#8221;]<\/p>\n<p><a href=\"tel:+496593208704\"><i class=\"fa-solid fa-phone\"><\/i> +49 (0) 6593 208 704<\/a><br \/><a href=\"&#109;&#x61;&#x69;l&#116;&#x6f;:&#105;&#x6e;&#x66;o&#64;&#x6a;u&#112;&#x70;&#x2d;i&#109;&#x6d;o&#46;&#x64;&#x65;\"><i class=\"fa-solid fa-envelope\"><\/i> &#x69;&#110;f&#x6f;&#64;j&#x75;&#112;p&#x2d;&#105;m&#x6d;&#111;&#46;&#x64;&#101;<\/a><\/p>\n<p>[\/et_pb_text][\/et_pb_column][\/et_pb_row][\/et_pb_section][et_pb_section fb_built=&#8221;1&#8243; admin_label=&#8221;Sektion Intro &#8221; _builder_version=&#8221;4.27.4&#8243; _dynamic_attributes=&#8221;url&#8221; _module_preset=&#8221;default&#8221; background_color=&#8221;#E5EFF7&#8243; locked=&#8221;off&#8221; global_colors_info=&#8221;{}&#8221;][et_pb_row column_structure=&#8221;1_2,1_2&#8243; _builder_version=&#8221;4.27.4&#8243; _module_preset=&#8221;default&#8221; locked=&#8221;off&#8221; global_colors_info=&#8221;{}&#8221;][et_pb_column type=&#8221;1_2&#8243; module_class=&#8221;weissbg&#8221; admin_label=&#8221;Spalte .weissbg&#8221; _builder_version=&#8221;4.27.4&#8243; _module_preset=&#8221;default&#8221; global_colors_info=&#8221;{}&#8221;][et_pb_text admin_label=&#8221;\u00dcber uns \u2013 Pers\u00f6nlich. Regional. Engagiert. #ueberuns&#8221; module_id=&#8221;ueberuns&#8221; _builder_version=&#8221;4.27.4&#8243; _module_preset=&#8221;default&#8221; global_colors_info=&#8221;{}&#8221;]<\/p>\n<h2>Over ons \u2013 Persoonlijk. Regionaal. Betrokken.  <\/h2>\n<h3>Uw vastgoedpartner in de Eifel \u2013 al meer dan 18 jaar<\/h3>\n<p>[\/et_pb_text][et_pb_text admin_label=&#8221;Text&#8221; _builder_version=&#8221;4.27.4&#8243; _module_preset=&#8221;default&#8221; global_colors_info=&#8221;{}&#8221;]<\/p>\n<p>Onroerend goed is meer dan alleen muren, daken en vierkante meters \u2013 het zijn leefruimtes, plekken van herinnering, pensioenplanning en vaak een stukje familiegeschiedenis. Daarom is vertrouwen voor ons geen clich\u00e9, maar het belangrijkste onderdeel van ons werk. <\/p>\n<p>Bij Jupp Immobilien weten we hoe emotioneel, uitdagend en complex het verkopen of kopen van een woning kan zijn. Daarom ondersteunen wij u niet alleen als makelaar, maar ook als persoonlijke contactpersonen, luisteraars en begeleiders \u2013 met ervaring, marktkennis en de oprechte wens om het beste voor u te bereiken. <\/p>\n<p>[\/et_pb_text][\/et_pb_column][et_pb_column type=&#8221;1_2&#8243; module_class=&#8221;weissbg&#8221; _builder_version=&#8221;4.27.4&#8243; _module_preset=&#8221;default&#8221; custom_css_main_element=&#8221;margin:auto;&#8221; global_colors_info=&#8221;{}&#8221;][et_pb_text admin_label=&#8221;Was wir f\u00fcr Sie tun \u2013 und warum das z\u00e4hlt&#8221; _builder_version=&#8221;4.27.4&#8243; _module_preset=&#8221;default&#8221; global_colors_info=&#8221;{}&#8221;]<\/p>\n<h3>Wat wij voor u doen \u2013 en waarom het belangrijk is<\/h3>\n<blockquote>\n<p>Veel van onze klanten vragen ons:<br \/> <em>&#8220;Heb ik echt een makelaar nodig?&#8221;<\/em><\/p>\n<\/blockquote>\n<p><strong>Ons antwoord:<\/strong> Als u veilig, stressvrij en tegen een eerlijke marktprijs wilt verkopen of kopen \u2013 ja.<\/p>\n<p>Een goede makelaar brengt kopers en verkopers niet alleen bij elkaar. Ze combineren emotie met cijfers, deskundigheid met gevoeligheid \u2013 en behoeden u voor het nemen van verkeerde beslissingen. <\/p>\n<p>[\/et_pb_text][et_pb_button button_url=&#8221;@ET-DC@eyJkeW5hbWljIjp0cnVlLCJjb250ZW50IjoicG9zdF9saW5rX3VybF9wYWdlIiwic2V0dGluZ3MiOnsicG9zdF9pZCI6IjcwOCIsImVuYWJsZV9odG1sIjoib2ZmIn19@&#8221; button_text=&#8221;Vraag het nu aan!&#8221; button_alignment=&#8221;center&#8221; admin_label=&#8221;Button Jetzt anfragen!&#8221; _builder_version=&#8221;4.27.4&#8243; _dynamic_attributes=&#8221;button_url&#8221; _module_preset=&#8221;default&#8221; custom_button=&#8221;on&#8221; button_icon=&#8221;&#xf086;||fa||900&#8243; button_on_hover=&#8221;off&#8221; global_module=&#8221;1888&#8243; saved_tabs=&#8221;all&#8221; locked=&#8221;off&#8221; global_colors_info=&#8221;{}&#8221;][\/et_pb_button][\/et_pb_column][\/et_pb_row][\/et_pb_section][et_pb_section fb_built=&#8221;1&#8243; _builder_version=&#8221;4.27.4&#8243; _module_preset=&#8221;default&#8221; global_colors_info=&#8221;{}&#8221;][et_pb_row _builder_version=&#8221;4.27.4&#8243; _module_preset=&#8221;default&#8221; global_colors_info=&#8221;{}&#8221;][et_pb_column type=&#8221;4_4&#8243; _builder_version=&#8221;4.27.4&#8243; _module_preset=&#8221;default&#8221; global_colors_info=&#8221;{}&#8221;][et_pb_text admin_label=&#8221;Unser Team \u2013 Eifler Typen mit Herz und Verstand&#8221; _builder_version=&#8221;4.27.4&#8243; _module_preset=&#8221;default&#8221; global_colors_info=&#8221;{}&#8221;]<\/p>\n<h2>Ons team<\/h2>\n<h3>Eifelmensen met hart en ziel<\/h3>\n<p>[\/et_pb_text][et_pb_text admin_label=&#8221;Text&#8221; _builder_version=&#8221;4.27.4&#8243; _module_preset=&#8221;default&#8221; global_colors_info=&#8221;{}&#8221;]<\/p>\n<p><strong>Wij zijn echte Eifelmensen:<\/strong> eerlijk, recht door zee, open van geest en met een scherp oog voor mensen en natuurlijk ook voor vastgoed. Bij ons treft u een team dat niet alleen verstand van zaken heeft, maar er ook plezier in heeft om u van dienst te zijn. <\/p>\n<p>[\/et_pb_text][\/et_pb_column][\/et_pb_row][et_pb_row column_structure=&#8221;1_2,1_2&#8243; use_custom_gutter=&#8221;on&#8221; gutter_width=&#8221;2&#8243; _builder_version=&#8221;4.27.4&#8243; _module_preset=&#8221;default&#8221; global_colors_info=&#8221;{}&#8221;][et_pb_column type=&#8221;1_2&#8243; _builder_version=&#8221;4.27.4&#8243; _module_preset=&#8221;default&#8221; global_colors_info=&#8221;{}&#8221;][et_pb_team_member name=&#8221;Sabine Schwiemann&#8221; position=&#8221;Een chef met hart, ziel en gevoeligheid&#8221; image_url=&#8221;http:\/\/jupp-immo.de\/wp-content\/uploads\/2025\/06\/Sabine-Schwiemann.webp&#8221; admin_label=&#8221;Person Sabine Schwiemann &#8221; _builder_version=&#8221;4.27.4&#8243; _module_preset=&#8221;default&#8221; module_alignment=&#8221;center&#8221; custom_margin_tablet=&#8221;0%||||false|false&#8221; custom_margin_phone=&#8221;0%||||false|false&#8221; custom_margin_last_edited=&#8221;off|tablet&#8221; global_colors_info=&#8221;{}&#8221;]Als makelaar en DEKRA-gecertificeerd taxateur weet Sabine precies wat belangrijk is in de vastgoedwereld: expertise, gevoeligheid en een luisterend oor. Ze leidt het bedrijf met helderheid en passie \u2013 en altijd op ooghoogte. Na haar werk klopt haar hart voor lekker eten, kunst, cultuur en de klanken van de piano. Ze brengt graag mensen samen \u2013 of het nu gaat om een \u200b\u200bsuccesvolle verkoop van onroerend goed of een avondje met vrienden. Betrouwbaar, hartelijk en altijd stijlvol \u2013 zo runt ze Jupp Immobilien.[\/et_pb_team_member][\/et_pb_column][et_pb_column type=&#8221;1_2&#8243; _builder_version=&#8221;4.27.4&#8243; _module_preset=&#8221;default&#8221; global_colors_info=&#8221;{}&#8221;][et_pb_team_member name=&#8221;Michael Schwiemann&#8221; position=&#8221;Makelaar met \u201cdrive en liefde voor speltbrood\u201d&#8221; image_url=&#8221;http:\/\/jupp-immo.de\/wp-content\/uploads\/2025\/06\/Michael-Schwiemann.webp&#8221; admin_label=&#8221;Person Michael Schwiemann&#8221; _builder_version=&#8221;4.27.4&#8243; _module_preset=&#8221;default&#8221; module_alignment=&#8221;center&#8221; custom_margin_tablet=&#8221;0%||||false|false&#8221; custom_margin_phone=&#8221;0%||||false|false&#8221; custom_margin_last_edited=&#8221;off|tablet&#8221; global_colors_info=&#8221;{}&#8221;]Als makelaar, DEKRA-gecertificeerd taxateur en gemachtigd vertegenwoordiger van Jupp Immobilien brengt Michael niet alleen expertise mee, maar ook een schat aan levenservaring en veelzijdigheid. In zijn vrije tijd vind je hem op de golfbaan, in de garage sleutelend aan een klassieke auto of in de keuken speltbrood bakkend. Als dierenliefhebber geniet hij ook van het gezelschap van zijn hond en kat.[\/et_pb_team_member][\/et_pb_column][\/et_pb_row][et_pb_row column_structure=&#8221;1_2,1_2&#8243; use_custom_gutter=&#8221;on&#8221; gutter_width=&#8221;2&#8243; _builder_version=&#8221;4.27.4&#8243; _module_preset=&#8221;default&#8221; custom_margin=&#8221;27px||||false|false&#8221; custom_padding=&#8221;27px||||false|false&#8221; global_colors_info=&#8221;{}&#8221;][et_pb_column type=&#8221;1_2&#8243; _builder_version=&#8221;4.27.4&#8243; _module_preset=&#8221;default&#8221; global_colors_info=&#8221;{}&#8221;][et_pb_team_member name=&#8221;Stefan Blum&#8221; position=&#8221;Een makelaar met een zadel en expertise&#8221; image_url=&#8221;http:\/\/jupp-immo.de\/wp-content\/uploads\/2025\/07\/Stefan-Blum.webp&#8221; admin_label=&#8221;Person Stefan Blum&#8221; _builder_version=&#8221;4.27.4&#8243; _module_preset=&#8221;default&#8221; module_alignment=&#8221;center&#8221; custom_margin_tablet=&#8221;0%||||false|false&#8221; custom_margin_phone=&#8221;0%||||false|false&#8221; custom_margin_last_edited=&#8221;off|tablet&#8221; global_colors_info=&#8221;{}&#8221;]Als door de Kamer van Koophandel erkend makelaar brengt Stefan niet alleen expertise mee, maar ook een oprechte passie voor wat veel van onze klanten belangrijk vinden: grond, open ruimte en natuur. In zijn vrije tijd vind je hem op een tractor en met grote machines, bezig met biologische landbouw of zijn western paarden. Of het nu gaat om grond of een perceel, hij begrijpt wat zijn klanten willen.[\/et_pb_team_member][\/et_pb_column][et_pb_column type=&#8221;1_2&#8243; _builder_version=&#8221;4.27.4&#8243; _module_preset=&#8221;default&#8221; global_colors_info=&#8221;{}&#8221;][et_pb_team_member name=&#8221;Leo Hart&#8221; position=&#8221;Adviseur met balgevoel&#8221; image_url=&#8221;http:\/\/jupp-immo.de\/wp-content\/uploads\/2025\/06\/Leo-Hart.webp&#8221; admin_label=&#8221;Person Leo Hart&#8221; _builder_version=&#8221;4.27.4&#8243; _module_preset=&#8221;default&#8221; module_alignment=&#8221;center&#8221; custom_margin_tablet=&#8221;0%||||false|false&#8221; custom_margin_phone=&#8221;0%||||false|false&#8221; custom_margin_last_edited=&#8221;off|tablet&#8221; global_colors_info=&#8221;{}&#8221;]<\/p>\n<p>Als vakkundig expert-contactpersoon voor Jupp Immobilien ondersteunt Leo onze Belgische en Nederlandse klanten \u2013 altijd vriendelijk, betrouwbaar en met oog voor de essentie. In zijn vrije tijd gedijt hij uitstekend: in de tuin, als kok thuis of met een potje voetbal. Wie hem kent, weet dat hij niet alleen tomaten kweekt, maar ook vertrouwen.  <\/p>\n<p>[\/et_pb_team_member][\/et_pb_column][\/et_pb_row][et_pb_row column_structure=&#8221;1_2,1_2&#8243; use_custom_gutter=&#8221;on&#8221; gutter_width=&#8221;2&#8243; _builder_version=&#8221;4.27.4&#8243; _module_preset=&#8221;default&#8221; global_colors_info=&#8221;{}&#8221;][et_pb_column type=&#8221;1_2&#8243; _builder_version=&#8221;4.27.4&#8243; _module_preset=&#8221;default&#8221; global_colors_info=&#8221;{}&#8221;][et_pb_team_member name=&#8221;Karin Jaskowsky&#8221; position=&#8221;Office Professional &amp; Kattenfluisteraar&#8221; image_url=&#8221;http:\/\/jupp-immo.de\/wp-content\/uploads\/2025\/06\/Karin-Jaskowsky.webp&#8221; admin_label=&#8221;Person Karin Jaskowsky&#8221; _builder_version=&#8221;4.27.4&#8243; _module_preset=&#8221;default&#8221; module_alignment=&#8221;center&#8221; custom_margin_tablet=&#8221;0%||||false|false&#8221; custom_margin_phone=&#8221;0%||||false|false&#8221; custom_margin_last_edited=&#8221;off|tablet&#8221; global_colors_info=&#8221;{}&#8221;]<\/p>\n<p>Hier gebeurt niets zonder koffie \u2013 tenminste niet zo snel. Karin is onze vlotte typiste op de administratie. Ze is bovendien een echte Crazy Cat Lady, want: &#8220;Een leven zonder katten is mogelijk, maar zinloos.&#8221; Ze heeft alles onder controle, want als brandweervrouw weet ze het hoofd koel te houden. Kantoororganisatie met hart en humor \u2013 dat is haar ding!    <\/p>\n<p>[\/et_pb_team_member][\/et_pb_column][et_pb_column type=&#8221;1_2&#8243; _builder_version=&#8221;4.27.4&#8243; _module_preset=&#8221;default&#8221; global_colors_info=&#8221;{}&#8221;][et_pb_team_member name=&#8221;Natalie Hatlas&#8221; position=&#8221;De Evenwichtige met Organisatietalent&#8221; image_url=&#8221;http:\/\/jupp-immo.de\/wp-content\/uploads\/2025\/06\/Natalie-Hatlas.webp&#8221; admin_label=&#8221;Person Natalie Hatlas&#8221; _builder_version=&#8221;4.27.4&#8243; _module_preset=&#8221;default&#8221; module_alignment=&#8221;center&#8221; custom_margin_tablet=&#8221;0%||||false|false&#8221; custom_margin_phone=&#8221;0%||||false|false&#8221; custom_margin_last_edited=&#8221;off|tablet&#8221; global_colors_info=&#8221;{}&#8221;]<\/p>\n<p>Natalie combineert organisatietalent met levenslust. Ze zorgt ervoor dat alles op de administratie soepel verloopt \u2013 het liefst overzichtelijk, effici\u00ebnt en met een glimlach. In haar vrije tijd ruilt ze graag dossiers in voor hardloopschoenen of een yogamat. Gezond eten, bewegen en balans zijn voor haar geen trends, het is een manier van leven. Iedereen die met haar omgaat, merkt al snel: ze is gewoonweg sympathiek!    <\/p>\n<p>[\/et_pb_team_member][\/et_pb_column][\/et_pb_row][et_pb_row _builder_version=&#8221;4.27.4&#8243; _module_preset=&#8221;default&#8221; global_colors_info=&#8221;{}&#8221;][et_pb_column type=&#8221;4_4&#8243; _builder_version=&#8221;4.27.4&#8243; _module_preset=&#8221;default&#8221; global_colors_info=&#8221;{}&#8221;][et_pb_team_member name=&#8221;Paula&#8221; position=&#8221;Onze lieve kantoorhond, de receptioniste op vier poten&#8221; image_url=&#8221;http:\/\/jupp-immo.de\/wp-content\/uploads\/2025\/06\/Paula.webp&#8221; admin_label=&#8221;Hund Paula&#8221; _builder_version=&#8221;4.27.4&#8243; _module_preset=&#8221;default&#8221; max_width=&#8221;800px&#8221; module_alignment=&#8221;center&#8221; custom_margin_tablet=&#8221;0%||||false|false&#8221; custom_margin_phone=&#8221;0%||||false|false&#8221; custom_margin_last_edited=&#8221;off|tablet&#8221; global_colors_info=&#8221;{}&#8221;]<\/p>\n<p>Verantwoordelijk voor een goed humeur, regelmatige wandelingen en een effectieve controle over haar traktaties. Iedereen die bij ons op kantoor komt, wordt eerst vriendelijk besnuffeld \u2013 en vervolgens charmant om haar vinger gewikkeld. Geen zorgen, Paula heeft ook een neus voor goede vastgoeddeals!  <\/p>\n<p>[\/et_pb_team_member][et_pb_text admin_label=&#8221;Text&#8221; _builder_version=&#8221;4.27.4&#8243; _module_preset=&#8221;default&#8221; max_width=&#8221;700px&#8221; module_alignment=&#8221;center&#8221; global_colors_info=&#8221;{}&#8221;]<\/p>\n<blockquote>\n<p><strong>Kortom: <\/strong><br \/>Wij zijn niet zomaar mensen in pak en stropdas, maar mensen met hart, humor en een sterk thuisgevoel. Wij leven en houden van de Eifel \u2013 en dat is precies wat we u, onze klanten, willen laten ervaren. <\/p>\n<\/blockquote>\n<p>[\/et_pb_text][\/et_pb_column][\/et_pb_row][\/et_pb_section][et_pb_section fb_built=&#8221;1&#8243; _builder_version=&#8221;4.27.4&#8243; _module_preset=&#8221;default&#8221; custom_padding=&#8221;0px|0px|0px|0px|false|false&#8221; locked=&#8221;off&#8221; global_colors_info=&#8221;{}&#8221;][et_pb_row column_structure=&#8221;1_3,1_3,1_3&#8243; use_custom_gutter=&#8221;on&#8221; gutter_width=&#8221;1&#8243; _builder_version=&#8221;4.27.4&#8243; _module_preset=&#8221;default&#8221; width=&#8221;100%&#8221; max_width=&#8221;2560px&#8221; custom_margin=&#8221;0px|0px|0px|0px|false|false&#8221; custom_padding=&#8221;0px|0px|0px|0px|false|false&#8221; global_colors_info=&#8221;{}&#8221;][et_pb_column type=&#8221;1_3&#8243; _builder_version=&#8221;4.27.4&#8243; _module_preset=&#8221;default&#8221; global_colors_info=&#8221;{}&#8221;][et_pb_image src=&#8221;http:\/\/jupp-immo.de\/wp-content\/uploads\/2025\/05\/pexels-oleksandr-p-7599735.webp&#8221; alt=&#8221;Symbolisch beeld van sleutel tot eengezinswoning&#8221; title_text=&#8221;Pexels Oleksandr P 7599735&#8243; _builder_version=&#8221;4.27.4&#8243; _module_preset=&#8221;default&#8221; global_colors_info=&#8221;{}&#8221;][\/et_pb_image][\/et_pb_column][et_pb_column type=&#8221;1_3&#8243; _builder_version=&#8221;4.27.4&#8243; _module_preset=&#8221;default&#8221; global_colors_info=&#8221;{}&#8221;][et_pb_image src=&#8221;http:\/\/jupp-immo.de\/wp-content\/uploads\/2025\/05\/pexels-rdne-stock-project-8292825.webp&#8221; alt=&#8221;Symbolisch beeld van een gesprek over een vastgoedepos&#8221; _builder_version=&#8221;4.27.4&#8243; _module_preset=&#8221;default&#8221; global_colors_info=&#8221;{}&#8221;][\/et_pb_image][\/et_pb_column][et_pb_column type=&#8221;1_3&#8243; _builder_version=&#8221;4.27.4&#8243; _module_preset=&#8221;default&#8221; global_colors_info=&#8221;{}&#8221;][et_pb_image src=&#8221;http:\/\/jupp-immo.de\/wp-content\/uploads\/2025\/05\/AdobeStock_390246878.webp&#8221; alt=&#8221;Voorbeeldafbeelding van een woonwijk in de Eifel&#8221; _builder_version=&#8221;4.27.4&#8243; _module_preset=&#8221;default&#8221; global_colors_info=&#8221;{}&#8221;][\/et_pb_image][\/et_pb_column][\/et_pb_row][\/et_pb_section][et_pb_section fb_built=&#8221;1&#8243; admin_label=&#8221;Sektion &#8221; _builder_version=&#8221;4.27.4&#8243; locked=&#8221;off&#8221; global_colors_info=&#8221;{}&#8221;][et_pb_row column_structure=&#8221;1_3,2_3&#8243; use_custom_gutter=&#8221;on&#8221; gutter_width=&#8221;2&#8243; make_equal=&#8221;on&#8221; _builder_version=&#8221;4.27.4&#8243; background_size=&#8221;initial&#8221; background_position=&#8221;top_left&#8221; background_repeat=&#8221;repeat&#8221; custom_padding=&#8221;0px||||false|false&#8221; global_colors_info=&#8221;{}&#8221;][et_pb_column type=&#8221;1_3&#8243; _builder_version=&#8221;4.27.4&#8243; custom_padding=&#8221;|||&#8221; custom_css_main_element=&#8221;margin:auto;&#8221; global_colors_info=&#8221;{}&#8221; custom_padding__hover=&#8221;|||&#8221;][et_pb_text admin_label=&#8221;Liste&#8221; _builder_version=&#8221;4.27.4&#8243; _module_preset=&#8221;default&#8221; background_color=&#8221;#E5EFF7&#8243; custom_padding=&#8221;30px|5px|10px|20px|false|false&#8221; border_radii=&#8221;on|15px|15px|15px|15px&#8221; global_colors_info=&#8221;{}&#8221;]<\/p>\n<h4>Uw voordelen bij Jupp Immobilien:<\/h4>\n<ul>\n<li><strong>Grondige taxatie van uw woning<\/strong> \u2013 realistisch en professioneel<\/li>\n<li><strong>Regionale marktkennis<\/strong> \u2013 wij wonen en werken in de Eifel<\/li>\n<li><strong>Groot netwerk van potenti\u00eble kopers<\/strong> \u2013 waarvan velen al gescreend zijn<\/li>\n<li><strong>Complete organisatie<\/strong> \u2013 van documenten en bezichtigingen tot en met de notaris<\/li>\n<li><strong>Persoonlijke begeleiding<\/strong> \u2013 direct en eerlijk<\/li>\n<li><strong>Verkoop met een plan<\/strong> \u2013 marketing op maat, gericht op de juiste doelgroep<\/li>\n<li><strong>Onderhandelingskracht en gevoeligheid<\/strong> \u2013 zodat beide partijen uiteindelijk tevreden zijn.<\/li>\n<\/ul>\n<p>[\/et_pb_text][\/et_pb_column][et_pb_column type=&#8221;2_3&#8243; _builder_version=&#8221;4.16&#8243; custom_padding=&#8221;|||&#8221; global_colors_info=&#8221;{}&#8221; custom_padding__hover=&#8221;|||&#8221;][et_pb_text admin_label=&#8221;Immobilienmakler: Wissenswertes rund um unsere Aufgaben und Ihre Vorteile&#8221; _builder_version=&#8221;4.27.4&#8243; background_size=&#8221;initial&#8221; background_position=&#8221;top_left&#8221; background_repeat=&#8221;repeat&#8221; global_colors_info=&#8221;{}&#8221;]<\/p>\n<h2>Uw makelaar:<br \/>Nuttige informatie over onze diensten en uw voordelen<\/h2>\n<h3>Ervaren makelaardij \u2013 persoonlijk voor u<\/h3>\n<p>[\/et_pb_text][et_pb_text _builder_version=&#8221;4.27.4&#8243; background_size=&#8221;initial&#8221; background_position=&#8221;top_left&#8221; background_repeat=&#8221;repeat&#8221; hover_enabled=&#8221;0&#8243; global_colors_info=&#8221;{}&#8221; sticky_enabled=&#8221;0&#8243;]<\/p>\n<p>Wilt u uw woning in de Eifel verkopen? Wij regelen meer dan alleen de organisatie daarover\u2013 wij zorgen ervoor dat uw verkoop een succes wordt. Van professionele taxaties tot het samenstellen van alle relevante documenten en het maken van hoogwaardige woningbrochures tot het ontwikkelen van marketingstrategie\u00ebn op maat: wij zorgen voor elk detail. Wij adviseren u over het verkoopklaar maken van de woning, co\u00f6rdineren en begeleiden bezichtigingen, controleren de kredietwaardigheid van potenti\u00eble kopers, voeren prijsonderhandelingen en stellen alle contractdocumenten op \u2013 inclusief uw begeleiding bij de notarisafspraak en de overdracht. Of u nu een woning wilt kopen of huren, wij staan \u200b\u200bu met onze marktkennis en ervaring terzijde \u2013 van het eerste onderzoek tot de ondertekening.   <\/p>\n<p>[\/et_pb_text][et_pb_text admin_label=&#8221;Liste&#8221; _builder_version=&#8221;4.27.4&#8243; _module_preset=&#8221;default&#8221; global_colors_info=&#8221;{}&#8221;]<\/p>\n<h3>Typische woningtypen in de Eifel:<\/h3>\n<ul>\n<li>Eengezinswoningen, vrijstaand, met tuin, etc.<\/li>\n<li>Boerderijen en hoevesBauernh\u00e4user &amp; Resth\u00f6fe<\/li>\n<li>Vakwerkhuizen en karakteristieke oude gebouwen met regionale charme<\/li>\n<li>Meergezinswoningen<\/li>\n<li>Weekendhuizen en vakantiewoningen voor eigen bewoning of verhuur<\/li>\n<li>Maneges en landgoederen<\/li>\n<li>Twee-onder-een-kapwoningen en rijtjeshuizen<\/li>\n<li>Bungalows<\/li>\n<li>Appartementencomplexen, met name in kuuroorden en vakantieparken zoals Daun, Gerolstein of Pr\u00fcm<\/li>\n<li>Bouwpercelen en recreatiepercelen<\/li>\n<li>Voormalige bedrijfspanden (bijv. pensions, restaurants, kleine bedrijven)<\/li>\n<\/ul>\n<p>[\/et_pb_text][et_pb_button button_url=&#8221;@ET-DC@eyJkeW5hbWljIjp0cnVlLCJjb250ZW50IjoicG9zdF9saW5rX3VybF9wYWdlIiwic2V0dGluZ3MiOnsicG9zdF9pZCI6IjcwOCIsImVuYWJsZV9odG1sIjoib2ZmIn19@&#8221; button_text=&#8221;Vraag het nu aan!&#8221; button_alignment=&#8221;center&#8221; admin_label=&#8221;Button Jetzt anfragen!&#8221; _builder_version=&#8221;4.27.4&#8243; _dynamic_attributes=&#8221;button_url&#8221; _module_preset=&#8221;default&#8221; custom_button=&#8221;on&#8221; button_icon=&#8221;&#xf086;||fa||900&#8243; button_on_hover=&#8221;off&#8221; global_module=&#8221;1888&#8243; saved_tabs=&#8221;all&#8221; locked=&#8221;off&#8221; global_colors_info=&#8221;{}&#8221;][\/et_pb_button][\/et_pb_column][\/et_pb_row][et_pb_row _builder_version=&#8221;4.27.4&#8243; _module_preset=&#8221;default&#8221; global_colors_info=&#8221;{}&#8221;][et_pb_column type=&#8221;4_4&#8243; _builder_version=&#8221;4.27.4&#8243; _module_preset=&#8221;default&#8221; global_colors_info=&#8221;{}&#8221;][et_pb_text admin_label=&#8221;Die passende Immobilie in der Eifel finden&#8221; _builder_version=&#8221;4.27.4&#8243; _module_preset=&#8221;default&#8221; locked=&#8221;off&#8221; global_colors_info=&#8221;{}&#8221;]<\/p>\n<h2><i class=\"fa-solid fa-sign-hanging\"><\/i> Een selectie uit ons vastgoedaanbod<\/h2>\n<p>[\/et_pb_text][et_pb_code admin_label=&#8221;Code Immo Karussell&#8221; _builder_version=&#8221;4.27.4&#8243; _module_preset=&#8221;default&#8221; text_orientation=&#8221;center&#8221; global_colors_info=&#8221;{}&#8221;]\t\t\t\t<div id=\"immomakler-carousel-1\" class=\"immomakler immomakler-carousel owl-carousel owl-theme\">\n\t\t\t\t\t\t\t<div class=\"item\">\n\t\t\t\t\t\n\t<div class=\"carousel-property-container\">\n\t\t<div class=\"carousel-property-thumbnail\" style=\"\n\t\t\tbackground-position: center;\n\t\t\tbackground-size: cover;\n\t\t\tbackground-image: url('https:\/\/jupp-immo.de\/wp-content\/uploads\/immomakler\/attachments\/12c02e627b81005acb821bf5f7976f38\/872aa4a4-stadtkyll-neu_02-kopie-475x315.avif')\">\n\t\t\t\t\t\t<a href=\"https:\/\/jupp-immo.de\/nl\/immobilien\/huis-eengezinswoning-in-stadtkyll-kaufen-stadtkyll-32\/\" class=\"thumbnail\"><\/a>\n\t\t\t\t\t\t\t\t<\/div>\n\t\t<div class=\"carousel-property-details\">\n\t\t\t<div class=\"property-subtitle\">Eengezinswoning te koop<\/div>\n\t\t\t\t\t\t\t<div class=\"property-title\"><a href=\"https:\/\/jupp-immo.de\/nl\/immobilien\/huis-eengezinswoning-in-stadtkyll-kaufen-stadtkyll-32\/\"><i class=\"fa-solid fa-location-dot\"><\/i> 54589 Stadtkyll<\/a><\/div>\n\t\t\t\t\t<\/div>\n\t\t\t\t\t<div class=\"property-price\">\n\t\t\t\t<hr class=\"price-divider\">\n\t\t\t\t<span class=\"property-price-label\">Aankoopprijs<\/span>\n\t\t\t\t<span class=\"property-price-value amount\">299.000  \u20ac<\/span>\n\t\t\t<\/div>\n\t\t\t<\/div>\n\t\t\t\t<\/div>\n\t\t\t\t\t\t\t<div class=\"item\">\n\t\t\t\t\t\n\t<div class=\"carousel-property-container\">\n\t\t<div class=\"carousel-property-thumbnail\" style=\"\n\t\t\tbackground-position: center;\n\t\t\tbackground-size: cover;\n\t\t\tbackground-image: url('https:\/\/jupp-immo.de\/wp-content\/uploads\/immomakler\/attachments\/11802fb14c8f445633e55806e39e78e2\/1eb66459-gillenfeld-_02-kopie-475x315.avif')\">\n\t\t\t\t\t\t<a href=\"https:\/\/jupp-immo.de\/nl\/immobilien\/huis-in-gillenfeld-kaufen-gillenfeld-2\/\" class=\"thumbnail\"><\/a>\n\t\t\t\t\t\t\t\t<\/div>\n\t\t<div class=\"carousel-property-details\">\n\t\t\t<div class=\"property-subtitle\">Huis te koop<\/div>\n\t\t\t\t\t\t\t<div class=\"property-title\"><a href=\"https:\/\/jupp-immo.de\/nl\/immobilien\/huis-in-gillenfeld-kaufen-gillenfeld-2\/\"><i class=\"fa-solid fa-location-dot\"><\/i> 54558 Gillenfeld<\/a><\/div>\n\t\t\t\t\t<\/div>\n\t\t\t\t\t<div class=\"property-price\">\n\t\t\t\t<hr class=\"price-divider\">\n\t\t\t\t<span class=\"property-price-label\">Aankoopprijs<\/span>\n\t\t\t\t<span class=\"property-price-value amount\">215.000  \u20ac<\/span>\n\t\t\t<\/div>\n\t\t\t<\/div>\n\t\t\t\t<\/div>\n\t\t\t\t\t\t\t<div class=\"item\">\n\t\t\t\t\t\n\t<div class=\"carousel-property-container\">\n\t\t<div class=\"carousel-property-thumbnail\" style=\"\n\t\t\tbackground-position: center;\n\t\t\tbackground-size: cover;\n\t\t\tbackground-image: url('https:\/\/jupp-immo.de\/wp-content\/uploads\/immomakler\/attachments\/f23261a9d998b9a2c1f029addb710b05\/e0ab61cf-saxler_02-kopie-475x315.avif')\">\n\t\t\t\t\t\t<a href=\"https:\/\/jupp-immo.de\/nl\/immobilien\/huis-in-saxler-kaufen-saxler-1\/\" class=\"thumbnail\"><\/a>\n\t\t\t\t\t\t\t\t<\/div>\n\t\t<div class=\"carousel-property-details\">\n\t\t\t<div class=\"property-subtitle\">Huis te koop<\/div>\n\t\t\t\t\t\t\t<div class=\"property-title\"><a href=\"https:\/\/jupp-immo.de\/nl\/immobilien\/huis-in-saxler-kaufen-saxler-1\/\"><i class=\"fa-solid fa-location-dot\"><\/i> 54558 Saxler<\/a><\/div>\n\t\t\t\t\t<\/div>\n\t\t\t\t\t<div class=\"property-price\">\n\t\t\t\t<hr class=\"price-divider\">\n\t\t\t\t<span class=\"property-price-label\">Aankoopprijs<\/span>\n\t\t\t\t<span class=\"property-price-value amount\">179.000  \u20ac<\/span>\n\t\t\t<\/div>\n\t\t\t<\/div>\n\t\t\t\t<\/div>\n\t\t\t\t\t\t\t<div class=\"item\">\n\t\t\t\t\t\n\t<div class=\"carousel-property-container\">\n\t\t<div class=\"carousel-property-thumbnail\" style=\"\n\t\t\tbackground-position: center;\n\t\t\tbackground-size: cover;\n\t\t\tbackground-image: url('https:\/\/jupp-immo.de\/wp-content\/uploads\/immomakler\/attachments\/70334cdb991fb93012e2cc1f4b8cc61a\/46e17f11-waldkonigen_01-kopie-475x315.avif')\">\n\t\t\t\t\t\t<a href=\"https:\/\/jupp-immo.de\/nl\/immobilien\/huis-in-waldkoenigen-kaufen-abad74\/\" class=\"thumbnail\"><\/a>\n\t\t\t\t\t\t\t\t<\/div>\n\t\t<div class=\"carousel-property-details\">\n\t\t\t<div class=\"property-subtitle\">Huis te koop<\/div>\n\t\t\t\t\t\t\t<div class=\"property-title\"><a href=\"https:\/\/jupp-immo.de\/nl\/immobilien\/huis-in-waldkoenigen-kaufen-abad74\/\"><i class=\"fa-solid fa-location-dot\"><\/i> 54550 Waldk\u00f6nigen<\/a><\/div>\n\t\t\t\t\t<\/div>\n\t\t\t\t\t<div class=\"property-price\">\n\t\t\t\t<hr class=\"price-divider\">\n\t\t\t\t<span class=\"property-price-label\">Aankoopprijs<\/span>\n\t\t\t\t<span class=\"property-price-value amount\">115.000  \u20ac<\/span>\n\t\t\t<\/div>\n\t\t\t<\/div>\n\t\t\t\t<\/div>\n\t\t\t\t\t\t\t<div class=\"item\">\n\t\t\t\t\t\n\t<div class=\"carousel-property-container\">\n\t\t<div class=\"carousel-property-thumbnail\" style=\"\n\t\t\tbackground-position: center;\n\t\t\tbackground-size: cover;\n\t\t\tbackground-image: url('https:\/\/jupp-immo.de\/wp-content\/uploads\/immomakler\/attachments\/1787394b917e13d0a78647c41d5f90c6\/fa1cc34e-hillesheim_206-kopie-2-475x315.avif')\">\n\t\t\t\t\t\t<a href=\"https:\/\/jupp-immo.de\/nl\/immobilien\/huis-in-hillesheim-kaufen-fa821d\/\" class=\"thumbnail\"><\/a>\n\t\t\t\t\t\t\t\t<\/div>\n\t\t<div class=\"carousel-property-details\">\n\t\t\t<div class=\"property-subtitle\">Huis te koop<\/div>\n\t\t\t\t\t\t\t<div class=\"property-title\"><a href=\"https:\/\/jupp-immo.de\/nl\/immobilien\/huis-in-hillesheim-kaufen-fa821d\/\"><i class=\"fa-solid fa-location-dot\"><\/i> 54576 Hillesheim<\/a><\/div>\n\t\t\t\t\t<\/div>\n\t\t\t\t\t<div class=\"property-price\">\n\t\t\t\t<hr class=\"price-divider\">\n\t\t\t\t<span class=\"property-price-label\">Aankoopprijs<\/span>\n\t\t\t\t<span class=\"property-price-value amount\">315.000  \u20ac<\/span>\n\t\t\t<\/div>\n\t\t\t<\/div>\n\t\t\t\t<\/div>\n\t\t\t\t\t\t\t<div class=\"item\">\n\t\t\t\t\t\n\t<div class=\"carousel-property-container\">\n\t\t<div class=\"carousel-property-thumbnail\" style=\"\n\t\t\tbackground-position: center;\n\t\t\tbackground-size: cover;\n\t\t\tbackground-image: url('https:\/\/jupp-immo.de\/wp-content\/uploads\/immomakler\/attachments\/bb8b39dd302037944203e1065a2d9f70\/8619e8fe-bongard_15-475x315.avif')\">\n\t\t\t\t\t\t<a href=\"https:\/\/jupp-immo.de\/nl\/immobilien\/huis-in-bongard-kaufen-bongard-6\/\" class=\"thumbnail\"><\/a>\n\t\t\t\t\t\t\t\t<\/div>\n\t\t<div class=\"carousel-property-details\">\n\t\t\t<div class=\"property-subtitle\">Huis te koop<\/div>\n\t\t\t\t\t\t\t<div class=\"property-title\"><a href=\"https:\/\/jupp-immo.de\/nl\/immobilien\/huis-in-bongard-kaufen-bongard-6\/\"><i class=\"fa-solid fa-location-dot\"><\/i> 53539  Bongard<\/a><\/div>\n\t\t\t\t\t<\/div>\n\t\t\t\t\t<div class=\"property-price\">\n\t\t\t\t<hr class=\"price-divider\">\n\t\t\t\t<span class=\"property-price-label\">Aankoopprijs<\/span>\n\t\t\t\t<span class=\"property-price-value amount\">98.000  \u20ac<\/span>\n\t\t\t<\/div>\n\t\t\t<\/div>\n\t\t\t\t<\/div>\n\t\t\t\t\t\t\t<div class=\"item\">\n\t\t\t\t\t\n\t<div class=\"carousel-property-container\">\n\t\t<div class=\"carousel-property-thumbnail\" style=\"\n\t\t\tbackground-position: center;\n\t\t\tbackground-size: cover;\n\t\t\tbackground-image: url('https:\/\/jupp-immo.de\/wp-content\/uploads\/immomakler\/attachments\/f5d27d302d65de1fec6571c62010f8b4\/f1fcc3d2-kesten_2-kopie-475x315.avif')\">\n\t\t\t\t\t\t<a href=\"https:\/\/jupp-immo.de\/nl\/immobilien\/huis-eengezinswoning-in-kesten-kaufen-kesten-1\/\" class=\"thumbnail\"><\/a>\n\t\t\t\t\t\t\t\t<\/div>\n\t\t<div class=\"carousel-property-details\">\n\t\t\t<div class=\"property-subtitle\">Eengezinswoning te koop<\/div>\n\t\t\t\t\t\t\t<div class=\"property-title\"><a href=\"https:\/\/jupp-immo.de\/nl\/immobilien\/huis-eengezinswoning-in-kesten-kaufen-kesten-1\/\"><i class=\"fa-solid fa-location-dot\"><\/i> 54518 Kesten<\/a><\/div>\n\t\t\t\t\t<\/div>\n\t\t\t\t\t<div class=\"property-price\">\n\t\t\t\t<hr class=\"price-divider\">\n\t\t\t\t<span class=\"property-price-label\">Aankoopprijs<\/span>\n\t\t\t\t<span class=\"property-price-value amount\">93.000  \u20ac<\/span>\n\t\t\t<\/div>\n\t\t\t<\/div>\n\t\t\t\t<\/div>\n\t\t\t\t\t\t\t<div class=\"item\">\n\t\t\t\t\t\n\t<div class=\"carousel-property-container\">\n\t\t<div class=\"carousel-property-thumbnail\" style=\"\n\t\t\tbackground-position: center;\n\t\t\tbackground-size: cover;\n\t\t\tbackground-image: url('https:\/\/jupp-immo.de\/wp-content\/uploads\/immomakler\/attachments\/0508795cb7aa2ed9faaf5a964a67eb6a\/ec5f9c26-kolverath_74-475x315.avif')\">\n\t\t\t\t\t\t<a href=\"https:\/\/jupp-immo.de\/nl\/immobilien\/huis-eengezinswoning-in-kolverath-kaufen-kolverath-3\/\" class=\"thumbnail\"><\/a>\n\t\t\t\t\t\t<div class=\"property-status-bar\">\t\t\t<div class=\"property-status property-status-verkocht-nl\">verkocht<\/div>\n\t\t\t<\/div>\t\t<\/div>\n\t\t<div class=\"carousel-property-details\">\n\t\t\t<div class=\"property-subtitle\">Eengezinswoning te koop<\/div>\n\t\t\t\t\t\t\t<div class=\"property-title\"><a href=\"https:\/\/jupp-immo.de\/nl\/immobilien\/huis-eengezinswoning-in-kolverath-kaufen-kolverath-3\/\"><i class=\"fa-solid fa-location-dot\"><\/i> 56767  Kolverath<\/a><\/div>\n\t\t\t\t\t<\/div>\n\t\t\t\t\t<div class=\"property-price\">\n\t\t\t\t<hr class=\"price-divider\">\n\t\t\t\t<span class=\"property-price-label\">Aankoopprijs<\/span>\n\t\t\t\t<span class=\"property-price-value amount\">247.000  \u20ac<\/span>\n\t\t\t<\/div>\n\t\t\t<\/div>\n\t\t\t\t<\/div>\n\t\t\t\t\t\t\t<div class=\"item\">\n\t\t\t\t\t\n\t<div class=\"carousel-property-container\">\n\t\t<div class=\"carousel-property-thumbnail\" style=\"\n\t\t\tbackground-position: center;\n\t\t\tbackground-size: cover;\n\t\t\tbackground-image: url('https:\/\/jupp-immo.de\/wp-content\/uploads\/immomakler\/attachments\/cda00073efdb1e4e228fa1076cdcf042\/f23cbc77-wershofen_01-kopie-475x315.avif')\">\n\t\t\t\t\t\t<a href=\"https:\/\/jupp-immo.de\/nl\/immobilien\/huis-eengezinswoning-in-wershofen-kaufen-wershofen-4\/\" class=\"thumbnail\"><\/a>\n\t\t\t\t\t\t\t\t<\/div>\n\t\t<div class=\"carousel-property-details\">\n\t\t\t<div class=\"property-subtitle\">Eengezinswoning te koop<\/div>\n\t\t\t\t\t\t\t<div class=\"property-title\"><a href=\"https:\/\/jupp-immo.de\/nl\/immobilien\/huis-eengezinswoning-in-wershofen-kaufen-wershofen-4\/\"><i class=\"fa-solid fa-location-dot\"><\/i> 53520 Wershofen<\/a><\/div>\n\t\t\t\t\t<\/div>\n\t\t\t\t\t<div class=\"property-price\">\n\t\t\t\t<hr class=\"price-divider\">\n\t\t\t\t<span class=\"property-price-label\">Aankoopprijs<\/span>\n\t\t\t\t<span class=\"property-price-value amount\">195.000  \u20ac<\/span>\n\t\t\t<\/div>\n\t\t\t<\/div>\n\t\t\t\t<\/div>\n\t\t\t\t\t\t\t<div class=\"item\">\n\t\t\t\t\t\n\t<div class=\"carousel-property-container\">\n\t\t<div class=\"carousel-property-thumbnail\" style=\"\n\t\t\tbackground-position: center;\n\t\t\tbackground-size: cover;\n\t\t\tbackground-image: url('https:\/\/jupp-immo.de\/wp-content\/uploads\/immomakler\/attachments\/fbde2230fb735d83a65fc257e13c7832\/175176db-oberbettingen_30-475x315.avif')\">\n\t\t\t\t\t\t<a href=\"https:\/\/jupp-immo.de\/nl\/immobilien\/huis-eengezinswoning-in-oberbettingen-kaufen-c03b1a\/\" class=\"thumbnail\"><\/a>\n\t\t\t\t\t\t\t\t<\/div>\n\t\t<div class=\"carousel-property-details\">\n\t\t\t<div class=\"property-subtitle\">Eengezinswoning te koop<\/div>\n\t\t\t\t\t\t\t<div class=\"property-title\"><a href=\"https:\/\/jupp-immo.de\/nl\/immobilien\/huis-eengezinswoning-in-oberbettingen-kaufen-c03b1a\/\"><i class=\"fa-solid fa-location-dot\"><\/i> 54578  Oberbettingen<\/a><\/div>\n\t\t\t\t\t<\/div>\n\t\t\t\t\t<div class=\"property-price\">\n\t\t\t\t<hr class=\"price-divider\">\n\t\t\t\t<span class=\"property-price-label\">Aankoopprijs<\/span>\n\t\t\t\t<span class=\"property-price-value amount\">249.000  \u20ac<\/span>\n\t\t\t<\/div>\n\t\t\t<\/div>\n\t\t\t\t<\/div>\n\t\t\t\t\t\t\t<div class=\"item\">\n\t\t\t\t\t\n\t<div class=\"carousel-property-container\">\n\t\t<div class=\"carousel-property-thumbnail\" style=\"\n\t\t\tbackground-position: center;\n\t\t\tbackground-size: cover;\n\t\t\tbackground-image: url('https:\/\/jupp-immo.de\/wp-content\/uploads\/immomakler\/attachments\/080299931f3dd1cf0ac1e0d84c55c5b7\/79557f62-junkerath_114-kopie-475x315.avif')\">\n\t\t\t\t\t\t<a href=\"https:\/\/jupp-immo.de\/nl\/immobilien\/appartement-eigentumswohnung-in-juenkerath-kaufen-j-nkerath-52\/\" class=\"thumbnail\"><\/a>\n\t\t\t\t\t\t\t\t<\/div>\n\t\t<div class=\"carousel-property-details\">\n\t\t\t<div class=\"property-subtitle\">Appartement te koop<\/div>\n\t\t\t\t\t\t\t<div class=\"property-title\"><a href=\"https:\/\/jupp-immo.de\/nl\/immobilien\/appartement-eigentumswohnung-in-juenkerath-kaufen-j-nkerath-52\/\"><i class=\"fa-solid fa-location-dot\"><\/i> 54584 J\u00fcnkerath<\/a><\/div>\n\t\t\t\t\t<\/div>\n\t\t\t\t\t<div class=\"property-price\">\n\t\t\t\t<hr class=\"price-divider\">\n\t\t\t\t<span class=\"property-price-label\">Aankoopprijs<\/span>\n\t\t\t\t<span class=\"property-price-value amount\">115.000  \u20ac<\/span>\n\t\t\t<\/div>\n\t\t\t<\/div>\n\t\t\t\t<\/div>\n\t\t\t\t\t\t\t<div class=\"item\">\n\t\t\t\t\t\n\t<div class=\"carousel-property-container\">\n\t\t<div class=\"carousel-property-thumbnail\" style=\"\n\t\t\tbackground-position: center;\n\t\t\tbackground-size: cover;\n\t\t\tbackground-image: url('https:\/\/jupp-immo.de\/wp-content\/uploads\/immomakler\/attachments\/c75cbf614f1ef64113eae0a9c2006d7c\/e72a28d2-udersdorf_30-475x315.avif')\">\n\t\t\t\t\t\t<a href=\"https:\/\/jupp-immo.de\/nl\/immobilien\/huis-in-uedersdorf-kaufen-dersdorf-9\/\" class=\"thumbnail\"><\/a>\n\t\t\t\t\t\t<div class=\"property-status-bar\">\t\t\t<div class=\"property-status property-status-gereserveerd-nl\">gereserveerd<\/div>\n\t\t\t<\/div>\t\t<\/div>\n\t\t<div class=\"carousel-property-details\">\n\t\t\t<div class=\"property-subtitle\">Huis te koop<\/div>\n\t\t\t\t\t\t\t<div class=\"property-title\"><a href=\"https:\/\/jupp-immo.de\/nl\/immobilien\/huis-in-uedersdorf-kaufen-dersdorf-9\/\"><i class=\"fa-solid fa-location-dot\"><\/i> 54552 \u00dcdersdorf<\/a><\/div>\n\t\t\t\t\t<\/div>\n\t\t\t\t\t<div class=\"property-price\">\n\t\t\t\t<hr class=\"price-divider\">\n\t\t\t\t<span class=\"property-price-label\">Aankoopprijs<\/span>\n\t\t\t\t<span class=\"property-price-value amount\">105.000  \u20ac<\/span>\n\t\t\t<\/div>\n\t\t\t<\/div>\n\t\t\t\t<\/div>\n\t\t\t\t\t\t\t<div class=\"item\">\n\t\t\t\t\t\n\t<div class=\"carousel-property-container\">\n\t\t<div class=\"carousel-property-thumbnail\" style=\"\n\t\t\tbackground-position: center;\n\t\t\tbackground-size: cover;\n\t\t\tbackground-image: url('https:\/\/jupp-immo.de\/wp-content\/uploads\/immomakler\/attachments\/6a04c2a0cc542f4b7fcaed12a652093b\/4bb91d1e-eisenschmitt_30-475x315.avif')\">\n\t\t\t\t\t\t<a href=\"https:\/\/jupp-immo.de\/nl\/immobilien\/huis-in-eisenschmitt-kaufen-2b981e\/\" class=\"thumbnail\"><\/a>\n\t\t\t\t\t\t\t\t<\/div>\n\t\t<div class=\"carousel-property-details\">\n\t\t\t<div class=\"property-subtitle\">Huis te koop<\/div>\n\t\t\t\t\t\t\t<div class=\"property-title\"><a href=\"https:\/\/jupp-immo.de\/nl\/immobilien\/huis-in-eisenschmitt-kaufen-2b981e\/\"><i class=\"fa-solid fa-location-dot\"><\/i> 54533  Eisenschmitt<\/a><\/div>\n\t\t\t\t\t<\/div>\n\t\t\t\t\t<div class=\"property-price\">\n\t\t\t\t<hr class=\"price-divider\">\n\t\t\t\t<span class=\"property-price-label\">Aankoopprijs<\/span>\n\t\t\t\t<span class=\"property-price-value amount\">40.000  \u20ac<\/span>\n\t\t\t<\/div>\n\t\t\t<\/div>\n\t\t\t\t<\/div>\n\t\t\t\t\t\t\t<div class=\"item\">\n\t\t\t\t\t\n\t<div class=\"carousel-property-container\">\n\t\t<div class=\"carousel-property-thumbnail\" style=\"\n\t\t\tbackground-position: center;\n\t\t\tbackground-size: cover;\n\t\t\tbackground-image: url('https:\/\/jupp-immo.de\/wp-content\/uploads\/immomakler\/attachments\/f605cca892091adae5da377f304c524f\/1f4da6d7-niederehe_02-kopie-475x315.avif')\">\n\t\t\t\t\t\t<a href=\"https:\/\/jupp-immo.de\/nl\/immobilien\/huis-in-uexheim-ot-niederehe-kaufen-niederehe-12\/\" class=\"thumbnail\"><\/a>\n\t\t\t\t\t\t\t\t<\/div>\n\t\t<div class=\"carousel-property-details\">\n\t\t\t<div class=\"property-subtitle\">Huis te koop<\/div>\n\t\t\t\t\t\t\t<div class=\"property-title\"><a href=\"https:\/\/jupp-immo.de\/nl\/immobilien\/huis-in-uexheim-ot-niederehe-kaufen-niederehe-12\/\"><i class=\"fa-solid fa-location-dot\"><\/i> 54579 \u00dcxheim OT Niederehe<\/a><\/div>\n\t\t\t\t\t<\/div>\n\t\t\t\t\t<div class=\"property-price\">\n\t\t\t\t<hr class=\"price-divider\">\n\t\t\t\t<span class=\"property-price-label\">Aankoopprijs<\/span>\n\t\t\t\t<span class=\"property-price-value amount\">299.000  \u20ac<\/span>\n\t\t\t<\/div>\n\t\t\t<\/div>\n\t\t\t\t<\/div>\n\t\t\t\t\t\t\t<div class=\"item\">\n\t\t\t\t\t\n\t<div class=\"carousel-property-container\">\n\t\t<div class=\"carousel-property-thumbnail\" style=\"\n\t\t\tbackground-position: center;\n\t\t\tbackground-size: cover;\n\t\t\tbackground-image: url('https:\/\/jupp-immo.de\/wp-content\/uploads\/immomakler\/attachments\/7843d12b93383158ce24feded798007c\/7d3b4d12-im-hasental-20_02-475x315.avif')\">\n\t\t\t\t\t\t<a href=\"https:\/\/jupp-immo.de\/nl\/immobilien\/perceel-in-mehren-kaufen-mehren-15\/\" class=\"thumbnail\"><\/a>\n\t\t\t\t\t\t\t\t<\/div>\n\t\t<div class=\"carousel-property-details\">\n\t\t\t<div class=\"property-subtitle\">Perceel te koop<\/div>\n\t\t\t\t\t\t\t<div class=\"property-title\"><a href=\"https:\/\/jupp-immo.de\/nl\/immobilien\/perceel-in-mehren-kaufen-mehren-15\/\"><i class=\"fa-solid fa-location-dot\"><\/i> 54552 Mehren<\/a><\/div>\n\t\t\t\t\t<\/div>\n\t\t\t\t\t<div class=\"property-price\">\n\t\t\t\t<hr class=\"price-divider\">\n\t\t\t\t<span class=\"property-price-label\">Aankoopprijs<\/span>\n\t\t\t\t<span class=\"property-price-value amount\">38.874  \u20ac<\/span>\n\t\t\t<\/div>\n\t\t\t<\/div>\n\t\t\t\t<\/div>\n\t\t\t\t\t\t\t<div class=\"item\">\n\t\t\t\t\t\n\t<div class=\"carousel-property-container\">\n\t\t<div class=\"carousel-property-thumbnail\" style=\"\n\t\t\tbackground-position: center;\n\t\t\tbackground-size: cover;\n\t\t\tbackground-image: url('https:\/\/jupp-immo.de\/wp-content\/uploads\/immomakler\/attachments\/15fd9b4d1296ae512d4dc2f336e2bbef\/f9a99ad3-hinterweiler_03-475x315.avif')\">\n\t\t\t\t\t\t<a href=\"https:\/\/jupp-immo.de\/nl\/immobilien\/huis-in-hinterweiler-kaufen-682bf4\/\" class=\"thumbnail\"><\/a>\n\t\t\t\t\t\t<div class=\"property-status-bar\">\t\t\t<div class=\"property-status property-status-gereserveerd-nl\">gereserveerd<\/div>\n\t\t\t<\/div>\t\t<\/div>\n\t\t<div class=\"carousel-property-details\">\n\t\t\t<div class=\"property-subtitle\">Huis te koop<\/div>\n\t\t\t\t\t\t\t<div class=\"property-title\"><a href=\"https:\/\/jupp-immo.de\/nl\/immobilien\/huis-in-hinterweiler-kaufen-682bf4\/\"><i class=\"fa-solid fa-location-dot\"><\/i> 54570 Hinterweiler<\/a><\/div>\n\t\t\t\t\t<\/div>\n\t\t\t\t\t<div class=\"property-price\">\n\t\t\t\t<hr class=\"price-divider\">\n\t\t\t\t<span class=\"property-price-label\">Aankoopprijs<\/span>\n\t\t\t\t<span class=\"property-price-value amount\">182.000  \u20ac<\/span>\n\t\t\t<\/div>\n\t\t\t<\/div>\n\t\t\t\t<\/div>\n\t\t\t\t\t<\/div>\n\t\t<script nowprocket>\n\t\t\t(function waitForjQuery() {\n\t\t\t\tif (window.jQuery && typeof jQuery.fn.owlCarousel === 'function') {\n\t\t\t\t\tjQuery(document).ready(function ($) {\n\t\t\t\t\t\t$('#immomakler-carousel-1').owlCarousel({\"loop\":true,\"margin\":15,\"autoplay\":true,\"autoplayTimeout\":5000,\"autoplayHoverPause\":true,\"stagePadding\":0,\"center\":false,\"nav\":false,\"dots\":false,\"lazyLoad\":true,\"lazyLoadEager\":true,\"slideBy\":\"page\",\"responsive\":{\"0\":{\"items\":1},\"505\":{\"items\":2},\"730\":{\"items\":3},\"960\":{\"items\":4}}});\n\t\t\t\t\t});\n\t\t\t\t} else {\n\t\t\t\t\tsetTimeout(waitForjQuery, 50);\n\t\t\t\t}\n\t\t\t})();\n\t\t<\/script>\n\t\t[\/et_pb_code][\/et_pb_column][\/et_pb_row][\/et_pb_section][et_pb_section fb_built=&#8221;1&#8243; admin_label=&#8221;Sektion Ortsliste .ortsliste&#8221; module_class=&#8221;ortsliste&#8221; _builder_version=&#8221;4.27.4&#8243; _module_preset=&#8221;default&#8221; background_color=&#8221;#E5EFF7&#8243; custom_padding=&#8221;0px||0px||false|false&#8221; locked=&#8221;off&#8221; global_colors_info=&#8221;{}&#8221;][et_pb_row column_structure=&#8221;1_5,1_5,1_5,1_5,1_5&#8243; use_custom_gutter=&#8221;on&#8221; gutter_width=&#8221;1&#8243; make_equal=&#8221;on&#8221; _builder_version=&#8221;4.27.4&#8243; _module_preset=&#8221;default&#8221; global_colors_info=&#8221;{}&#8221;][et_pb_column type=&#8221;1_5&#8243; module_class=&#8221;opener&#8221; admin_label=&#8221;Spalte .opener&#8221; _builder_version=&#8221;4.27.4&#8243; _module_preset=&#8221;default&#8221; global_colors_info=&#8221;{}&#8221;][et_pb_text admin_label=&#8221;Wir sind f\u00fcr Sie vor Ort \u2013 in der gesamten Eife&#8221; _builder_version=&#8221;4.27.4&#8243; _module_preset=&#8221;default&#8221; background_layout=&#8221;dark&#8221; global_colors_info=&#8221;{}&#8221;]<\/p>\n<h2>Wij staan \u200b\u200bvoor u klaar \u2013 in de hele Eifel<\/h2>\n<p>Jupp Immobilien is uw regionale aanspreekpunt voor vastgoedverkoop, taxaties en woningzoekopdrachten in de hele Eifel. Ons team is lokaal geworteld en kent de markt \u2013 of u nu een woning wilt verkopen, op zoek bent naar een nieuwe woning of gewoon een grondige taxatie nodig heeft. <\/p>\n<p>&nbsp;[\/et_pb_text][\/et_pb_column][et_pb_column type=&#8221;1_5&#8243; _builder_version=&#8221;4.27.4&#8243; _module_preset=&#8221;default&#8221; global_colors_info=&#8221;{}&#8221;][et_pb_text admin_label=&#8221; Liste&#8221; _builder_version=&#8221;4.27.4&#8243; _module_preset=&#8221;default&#8221; global_colors_info=&#8221;{}&#8221;]<\/p>\n<ul>\n<li>Adenau<\/li>\n<li>Blankenheim<\/li>\n<li>Daun<\/li>\n<li>Gerolstein<\/li>\n<li>Hillesheim<\/li>\n<li>Kelberg<\/li>\n<li>Monschau<\/li>\n<\/ul>\n<p>[\/et_pb_text][\/et_pb_column][et_pb_column type=&#8221;1_5&#8243; _builder_version=&#8221;4.27.4&#8243; _module_preset=&#8221;default&#8221; global_colors_info=&#8221;{}&#8221;][et_pb_text admin_label=&#8221; Liste&#8221; _builder_version=&#8221;4.27.4&#8243; _module_preset=&#8221;default&#8221; global_colors_info=&#8221;{}&#8221;]<\/p>\n<ul>\n<li>Spangdahlem<\/li>\n<li>Schmidtheim<\/li>\n<li>Neuerburg<\/li>\n<li>Bitburg<\/li>\n<li>Pelm<\/li>\n<li>Pr\u00fcm<\/li>\n<li>Ulmen<\/li>\n<\/ul>\n<p>[\/et_pb_text][\/et_pb_column][et_pb_column type=&#8221;1_5&#8243; _builder_version=&#8221;4.27.4&#8243; _module_preset=&#8221;default&#8221; global_colors_info=&#8221;{}&#8221;][et_pb_text admin_label=&#8221; Liste&#8221; _builder_version=&#8221;4.27.4&#8243; _module_preset=&#8221;default&#8221; global_colors_info=&#8221;{}&#8221;]<\/p>\n<ul>\n<li>Stadtkyll<\/li>\n<li>Monreal<\/li>\n<li>J\u00fcnkerath<\/li>\n<li>Manderscheid<\/li>\n<li>Mehren<\/li>\n<li>Darscheid<\/li>\n<li>Hallschlag<\/li>\n<\/ul>\n<p>[\/et_pb_text][\/et_pb_column][et_pb_column type=&#8221;1_5&#8243; _builder_version=&#8221;4.27.4&#8243; _module_preset=&#8221;default&#8221; global_colors_info=&#8221;{}&#8221;][et_pb_text admin_label=&#8221; Liste&#8221; _builder_version=&#8221;4.27.4&#8243; _module_preset=&#8221;default&#8221; global_colors_info=&#8221;{}&#8221;]<\/p>\n<ul>\n<li>Mehren<\/li>\n<li>Lissendorf<\/li>\n<li>Olzheim<\/li>\n<li>Reiferscheid<\/li>\n<li>Dahlem<\/li>\n<li>Birresborn<\/li>\n<li>Kyllburg<\/li>\n<\/ul>\n<p>[\/et_pb_text][\/et_pb_column][\/et_pb_row][\/et_pb_section]<\/p>\n","protected":false},"excerpt":{"rendered":"<p>[et_pb_section fb_built=&#8221;1&#8243; admin_label=&#8221;Sektion .header-sektion&#8221; module_class=&#8221;header-sektion&#8221; _builder_version=&#8221;4.27.4&#8243; _module_preset=&#8221;default&#8221; use_background_color_gradient=&#8221;on&#8221; background_color_gradient_stops=&#8221;rgba(22,27,40,0.8) 50%|#ffffff 50%&#8221; background_color_gradient_overlays_image=&#8221;on&#8221; background_image=&#8221;http:\/\/jupp-immo.de\/wp-content\/uploads\/2025\/04\/AdobeStock_54124297.webp&#8221; parallax=&#8221;on&#8221; locked=&#8221;off&#8221; global_colors_info=&#8221;{}&#8221;][et_pb_row _builder_version=&#8221;4.27.4&#8243; _module_preset=&#8221;default&#8221; custom_margin=&#8221;0px||0px||false|false&#8221; custom_padding=&#8221;0px||0px||false|false&#8221; global_colors_info=&#8221;{}&#8221;][et_pb_column type=&#8221;4_4&#8243; _builder_version=&#8221;4.27.4&#8243; _module_preset=&#8221;default&#8221; global_colors_info=&#8221;{}&#8221;][et_pb_image src=&#8221;http:\/\/jupp-immo.de\/wp-content\/uploads\/2025\/04\/teambild.webp&#8221; alt=&#8221;Jupp Immobilien Team&#8221; _builder_version=&#8221;4.27.4&#8243; _module_preset=&#8221;default&#8221; custom_margin=&#8221;-70px||50px||false|false&#8221; custom_margin_tablet=&#8221;0px||0px||false|false&#8221; custom_margin_phone=&#8221;0px||0px||false|false&#8221; custom_margin_last_edited=&#8221;on|tablet&#8221; global_colors_info=&#8221;{}&#8221;][\/et_pb_image][\/et_pb_column][\/et_pb_row][et_pb_row column_structure=&#8221;3_5,2_5&#8243; admin_label=&#8221;Zeile .header-zeile&#8221; module_class=&#8221;header-zeile&#8221; _builder_version=&#8221;4.27.4&#8243; _module_preset=&#8221;default&#8221; global_colors_info=&#8221;{}&#8221;][et_pb_column type=&#8221;3_5&#8243; module_class=&#8221;introopener&#8221; admin_label=&#8221;Spalte .introopener&#8221; _builder_version=&#8221;4.27.4&#8243; _module_preset=&#8221;default&#8221; global_colors_info=&#8221;{}&#8221;][et_pb_text admin_label=&#8221;Wir von Jupp Immobilien&#8221; _builder_version=&#8221;4.27.4&#8243; [&hellip;]<\/p>\n","protected":false},"author":1,"featured_media":0,"parent":0,"menu_order":30,"comment_status":"closed","ping_status":"closed","template":"","meta":{"_et_pb_use_builder":"on","_et_pb_old_content":"","_et_gb_content_width":"","footnotes":""},"class_list":["post-48845","page","type-page","status-publish","hentry"],"yoast_head":"<!-- This site is optimized with the Yoast SEO Premium plugin v27.0 (Yoast SEO v27.4) - https:\/\/yoast.com\/product\/yoast-seo-premium-wordpress\/ -->\n<title>Uw makelaar voor de Eifel | Jupp Immobilien<\/title>\n<meta name=\"description\" content=\"Uw gecertificeerde makelaar. Verkoop, taxaties en aankoop in de Eifel. Persoonlijk, regionaal en ervaren! Service in het Duits, Engels en Nederlands.\" \/>\n<meta name=\"robots\" content=\"index, follow, max-snippet:-1, max-image-preview:large, max-video-preview:-1\" \/>\n<link rel=\"canonical\" href=\"https:\/\/jupp-immo.de\/nl\/diensten-van-makelaars-in-onroerend-goed\/\" \/>\n<meta property=\"og:locale\" content=\"nl_NL\" \/>\n<meta property=\"og:type\" content=\"article\" \/>\n<meta property=\"og:title\" content=\"Diensten van makelaars in onroerend goed\" \/>\n<meta property=\"og:description\" content=\"Uw gecertificeerde makelaar. Verkoop, taxaties en aankoop in de Eifel. Persoonlijk, regionaal en ervaren! Service in het Duits, Engels en Nederlands.\" \/>\n<meta property=\"og:url\" content=\"https:\/\/jupp-immo.de\/nl\/diensten-van-makelaars-in-onroerend-goed\/\" \/>\n<meta property=\"og:site_name\" content=\"Jupp Immobilien\" \/>\n<meta property=\"article:publisher\" content=\"https:\/\/www.facebook.com\/JuppImmo\/\" \/>\n<meta property=\"article:modified_time\" content=\"2025-09-01T14:02:00+00:00\" \/>\n<meta property=\"og:image\" content=\"https:\/\/jupp-immo.de\/wp-content\/uploads\/2025\/06\/jupp-yoast.webp\" \/>\n\t<meta property=\"og:image:width\" content=\"1200\" \/>\n\t<meta property=\"og:image:height\" content=\"675\" \/>\n\t<meta property=\"og:image:type\" content=\"image\/webp\" \/>\n<meta name=\"twitter:card\" content=\"summary_large_image\" \/>\n<meta name=\"twitter:label1\" content=\"Geschatte leestijd\" \/>\n\t<meta name=\"twitter:data1\" content=\"17 minuten\" \/>\n<script type=\"application\/ld+json\" class=\"yoast-schema-graph\">{\"@context\":\"https:\\\/\\\/schema.org\",\"@graph\":[{\"@type\":\"WebPage\",\"@id\":\"https:\\\/\\\/jupp-immo.de\\\/nl\\\/diensten-van-makelaars-in-onroerend-goed\\\/\",\"url\":\"https:\\\/\\\/jupp-immo.de\\\/nl\\\/diensten-van-makelaars-in-onroerend-goed\\\/\",\"name\":\"Uw makelaar voor de Eifel | Jupp Immobilien\",\"isPartOf\":{\"@id\":\"https:\\\/\\\/jupp-immo.de\\\/nl\\\/#website\"},\"datePublished\":\"2025-05-12T08:20:39+00:00\",\"dateModified\":\"2025-09-01T14:02:00+00:00\",\"description\":\"Uw gecertificeerde makelaar. Verkoop, taxaties en aankoop in de Eifel. Persoonlijk, regionaal en ervaren! Service in het Duits, Engels en Nederlands.\",\"breadcrumb\":{\"@id\":\"https:\\\/\\\/jupp-immo.de\\\/nl\\\/diensten-van-makelaars-in-onroerend-goed\\\/#breadcrumb\"},\"inLanguage\":\"nl-NL\",\"potentialAction\":[{\"@type\":\"ReadAction\",\"target\":[\"https:\\\/\\\/jupp-immo.de\\\/nl\\\/diensten-van-makelaars-in-onroerend-goed\\\/\"]}]},{\"@type\":\"BreadcrumbList\",\"@id\":\"https:\\\/\\\/jupp-immo.de\\\/nl\\\/diensten-van-makelaars-in-onroerend-goed\\\/#breadcrumb\",\"itemListElement\":[{\"@type\":\"ListItem\",\"position\":1,\"name\":\"Startseite\",\"item\":\"https:\\\/\\\/jupp-immo.de\\\/nl\\\/jupp-immobilien\\\/\"},{\"@type\":\"ListItem\",\"position\":2,\"name\":\"Diensten van makelaars in onroerend goed\"}]},{\"@type\":\"WebSite\",\"@id\":\"https:\\\/\\\/jupp-immo.de\\\/nl\\\/#website\",\"url\":\"https:\\\/\\\/jupp-immo.de\\\/nl\\\/\",\"name\":\"Jupp Immobilien\",\"description\":\"Ihr Immobilienmakler f\u00fcr die Eifel\",\"publisher\":{\"@id\":\"https:\\\/\\\/jupp-immo.de\\\/nl\\\/#organization\"},\"alternateName\":\"Eifeler Immobilenmakler\",\"potentialAction\":[{\"@type\":\"SearchAction\",\"target\":{\"@type\":\"EntryPoint\",\"urlTemplate\":\"https:\\\/\\\/jupp-immo.de\\\/nl\\\/?s={search_term_string}\"},\"query-input\":{\"@type\":\"PropertyValueSpecification\",\"valueRequired\":true,\"valueName\":\"search_term_string\"}}],\"inLanguage\":\"nl-NL\"},{\"@type\":\"Organization\",\"@id\":\"https:\\\/\\\/jupp-immo.de\\\/nl\\\/#organization\",\"name\":\"Jupp Immobilien GmbH\",\"alternateName\":\"Jupp Immobilien\",\"url\":\"https:\\\/\\\/jupp-immo.de\\\/nl\\\/\",\"logo\":{\"@type\":\"ImageObject\",\"inLanguage\":\"nl-NL\",\"@id\":\"https:\\\/\\\/jupp-immo.de\\\/nl\\\/#\\\/schema\\\/logo\\\/image\\\/\",\"url\":\"https:\\\/\\\/jupp-immo.de\\\/wp-content\\\/uploads\\\/2025\\\/04\\\/jupp-immobilien-logo.webp\",\"contentUrl\":\"https:\\\/\\\/jupp-immo.de\\\/wp-content\\\/uploads\\\/2025\\\/04\\\/jupp-immobilien-logo.webp\",\"width\":1548,\"height\":787,\"caption\":\"Jupp Immobilien GmbH\"},\"image\":{\"@id\":\"https:\\\/\\\/jupp-immo.de\\\/nl\\\/#\\\/schema\\\/logo\\\/image\\\/\"},\"sameAs\":[\"https:\\\/\\\/www.facebook.com\\\/JuppImmo\\\/\",\"https:\\\/\\\/www.instagram.com\\\/jupp_immobilien_gmbh\\\/\"],\"description\":\"Immobilienmakler, Immobilienbewertung, Immobilienvermittlung\",\"email\":\"info@jupp-immo.de\",\"telephone\":\"+496593208704\",\"legalName\":\"Jupp Immobilien GmbH\",\"vatID\":\"DE276759040\",\"numberOfEmployees\":{\"@type\":\"QuantitativeValue\",\"minValue\":\"1\",\"maxValue\":\"10\"}}]}<\/script>\n<!-- \/ Yoast SEO Premium plugin. -->","yoast_head_json":{"title":"Uw makelaar voor de Eifel | Jupp Immobilien","description":"Uw gecertificeerde makelaar. Verkoop, taxaties en aankoop in de Eifel. Persoonlijk, regionaal en ervaren! Service in het Duits, Engels en Nederlands.","robots":{"index":"index","follow":"follow","max-snippet":"max-snippet:-1","max-image-preview":"max-image-preview:large","max-video-preview":"max-video-preview:-1"},"canonical":"https:\/\/jupp-immo.de\/nl\/diensten-van-makelaars-in-onroerend-goed\/","og_locale":"nl_NL","og_type":"article","og_title":"Diensten van makelaars in onroerend goed","og_description":"Uw gecertificeerde makelaar. Verkoop, taxaties en aankoop in de Eifel. Persoonlijk, regionaal en ervaren! Service in het Duits, Engels en Nederlands.","og_url":"https:\/\/jupp-immo.de\/nl\/diensten-van-makelaars-in-onroerend-goed\/","og_site_name":"Jupp Immobilien","article_publisher":"https:\/\/www.facebook.com\/JuppImmo\/","article_modified_time":"2025-09-01T14:02:00+00:00","og_image":[{"width":1200,"height":675,"url":"https:\/\/jupp-immo.de\/wp-content\/uploads\/2025\/06\/jupp-yoast.webp","type":"image\/webp"}],"twitter_card":"summary_large_image","twitter_misc":{"Geschatte leestijd":"17 minuten"},"schema":{"@context":"https:\/\/schema.org","@graph":[{"@type":"WebPage","@id":"https:\/\/jupp-immo.de\/nl\/diensten-van-makelaars-in-onroerend-goed\/","url":"https:\/\/jupp-immo.de\/nl\/diensten-van-makelaars-in-onroerend-goed\/","name":"Uw makelaar voor de Eifel | Jupp Immobilien","isPartOf":{"@id":"https:\/\/jupp-immo.de\/nl\/#website"},"datePublished":"2025-05-12T08:20:39+00:00","dateModified":"2025-09-01T14:02:00+00:00","description":"Uw gecertificeerde makelaar. Verkoop, taxaties en aankoop in de Eifel. Persoonlijk, regionaal en ervaren! Service in het Duits, Engels en Nederlands.","breadcrumb":{"@id":"https:\/\/jupp-immo.de\/nl\/diensten-van-makelaars-in-onroerend-goed\/#breadcrumb"},"inLanguage":"nl-NL","potentialAction":[{"@type":"ReadAction","target":["https:\/\/jupp-immo.de\/nl\/diensten-van-makelaars-in-onroerend-goed\/"]}]},{"@type":"BreadcrumbList","@id":"https:\/\/jupp-immo.de\/nl\/diensten-van-makelaars-in-onroerend-goed\/#breadcrumb","itemListElement":[{"@type":"ListItem","position":1,"name":"Startseite","item":"https:\/\/jupp-immo.de\/nl\/jupp-immobilien\/"},{"@type":"ListItem","position":2,"name":"Diensten van makelaars in onroerend goed"}]},{"@type":"WebSite","@id":"https:\/\/jupp-immo.de\/nl\/#website","url":"https:\/\/jupp-immo.de\/nl\/","name":"Jupp Immobilien","description":"Ihr Immobilienmakler f\u00fcr die Eifel","publisher":{"@id":"https:\/\/jupp-immo.de\/nl\/#organization"},"alternateName":"Eifeler Immobilenmakler","potentialAction":[{"@type":"SearchAction","target":{"@type":"EntryPoint","urlTemplate":"https:\/\/jupp-immo.de\/nl\/?s={search_term_string}"},"query-input":{"@type":"PropertyValueSpecification","valueRequired":true,"valueName":"search_term_string"}}],"inLanguage":"nl-NL"},{"@type":"Organization","@id":"https:\/\/jupp-immo.de\/nl\/#organization","name":"Jupp Immobilien GmbH","alternateName":"Jupp Immobilien","url":"https:\/\/jupp-immo.de\/nl\/","logo":{"@type":"ImageObject","inLanguage":"nl-NL","@id":"https:\/\/jupp-immo.de\/nl\/#\/schema\/logo\/image\/","url":"https:\/\/jupp-immo.de\/wp-content\/uploads\/2025\/04\/jupp-immobilien-logo.webp","contentUrl":"https:\/\/jupp-immo.de\/wp-content\/uploads\/2025\/04\/jupp-immobilien-logo.webp","width":1548,"height":787,"caption":"Jupp Immobilien GmbH"},"image":{"@id":"https:\/\/jupp-immo.de\/nl\/#\/schema\/logo\/image\/"},"sameAs":["https:\/\/www.facebook.com\/JuppImmo\/","https:\/\/www.instagram.com\/jupp_immobilien_gmbh\/"],"description":"Immobilienmakler, Immobilienbewertung, Immobilienvermittlung","email":"info@jupp-immo.de","telephone":"+496593208704","legalName":"Jupp Immobilien GmbH","vatID":"DE276759040","numberOfEmployees":{"@type":"QuantitativeValue","minValue":"1","maxValue":"10"}}]}},"_links":{"self":[{"href":"https:\/\/jupp-immo.de\/nl\/wp-json\/wp\/v2\/pages\/48845","targetHints":{"allow":["GET"]}}],"collection":[{"href":"https:\/\/jupp-immo.de\/nl\/wp-json\/wp\/v2\/pages"}],"about":[{"href":"https:\/\/jupp-immo.de\/nl\/wp-json\/wp\/v2\/types\/page"}],"author":[{"embeddable":true,"href":"https:\/\/jupp-immo.de\/nl\/wp-json\/wp\/v2\/users\/1"}],"replies":[{"embeddable":true,"href":"https:\/\/jupp-immo.de\/nl\/wp-json\/wp\/v2\/comments?post=48845"}],"version-history":[{"count":4,"href":"https:\/\/jupp-immo.de\/nl\/wp-json\/wp\/v2\/pages\/48845\/revisions"}],"predecessor-version":[{"id":48849,"href":"https:\/\/jupp-immo.de\/nl\/wp-json\/wp\/v2\/pages\/48845\/revisions\/48849"}],"wp:attachment":[{"href":"https:\/\/jupp-immo.de\/nl\/wp-json\/wp\/v2\/media?parent=48845"}],"curies":[{"name":"wp","href":"https:\/\/api.w.org\/{rel}","templated":true}]}}